{"id":570,"date":"2021-03-17T23:25:15","date_gmt":"2021-03-17T22:25:15","guid":{"rendered":"http:\/\/anwabox.cluster030.hosting.ovh.net\/?page_id=570"},"modified":"2025-09-18T17:39:07","modified_gmt":"2025-09-18T15:39:07","slug":"percussions","status":"publish","type":"page","link":"https:\/\/acamusiquewb.be\/index.php\/percussions\/","title":{"rendered":"Percussions"},"content":{"rendered":"\n<p class=\"has-medium-font-size\"><strong><em>COURS INDIVIDUELS et semi collectifs<\/em><\/strong><\/p>\n\n\n\n<p>Professeur :<\/p>\n\n\n\n<ul class=\"wp-block-list\">\n<li>M. Hugo Delhaye<\/li>\n<\/ul>\n\n\n\n<p><\/p>\n\n\n\n<p class=\"has-medium-font-size\"><strong><em>HORAIRE 2025-2026<\/em><\/strong><\/p>\n\n\n\n<ul class=\"wp-block-list\">\n<li>Mardi entre 15h50 et 20h<\/li>\n\n\n\n<li>Jeudi entre 16h et 19h20<\/li>\n<\/ul>\n\n\n\n<p><\/p>\n\n\n\n<p class=\"has-medium-font-size\"><strong><em>ORGANISATION<\/em><\/strong><\/p>\n\n\n\n<ul class=\"wp-block-list\">\n<li>Enfants \u00e0 partir de 7 ans\n<ul class=\"wp-block-list\">\n<li>Fili\u00e8re de formation : 5 ann\u00e9es \u00e0 raison d&rsquo;une p\u00e9riode de 50 minutes hebdomadaire<\/li>\n\n\n\n<li>Fili\u00e8re de qualification : 5 ann\u00e9es&nbsp;\u00e0 raison d&rsquo;une p\u00e9riode de 50 minutes hebdomadaire<\/li>\n<\/ul>\n<\/li>\n\n\n\n<li>Adultes \u00e0 partir de 13 ans\n<ul class=\"wp-block-list\">\n<li>Fili\u00e8re de formation : 4 ann\u00e9es&nbsp;\u00e0 raison d&rsquo;une p\u00e9riode de 50 minutes hebdomadaire<\/li>\n\n\n\n<li>Fili\u00e8re de qualification : 4 ann\u00e9es&nbsp;\u00e0 raison d&rsquo;une p\u00e9riode de 50 minutes hebdomadaire<\/li>\n<\/ul>\n<\/li>\n<\/ul>\n\n\n\n<p><\/p>\n\n\n\n<p class=\"has-medium-font-size\"><strong><em>CONDITIONS D&rsquo;ACC\u00c8S<\/em><\/strong><\/p>\n\n\n\n<ul class=\"wp-block-list\">\n<li>Enfants \u00e0 partir de 7 ans et adultes \u00e0 partir de 13 ans<\/li>\n\n\n\n<li>S&rsquo;\u00eatre acquitt\u00e9 du minerval et avoir fourni les documents utiles dans les d\u00e9lais prescrits.<\/li>\n\n\n\n<li>Suivre le cours de formation musicale.&nbsp;<\/li>\n\n\n\n<li>S&rsquo;\u00eatre inscrit sur les listes d&rsquo;attente.<\/li>\n\n\n\n<li>Suivre une deuxi\u00e8me p\u00e9riode si l&rsquo;\u00e9l\u00e8ve a termin\u00e9 tout son cursus de formation musicale.\n<ul class=\"wp-block-list\">\n<li>Cette deuxi\u00e8me p\u00e9riode peut \u00eatre suivie \u00e0 l&rsquo;acad\u00e9mie (voir cours compl\u00e9mentaires) ou dans une autre acad\u00e9mie (moyennant une attestation de fr\u00e9quentation de celle-ci)<\/li>\n\n\n\n<li>Si l&rsquo;\u00e9l\u00e8ve est en fili\u00e8re de formation, il peut effectuer sa deuxi\u00e8me p\u00e9riode dans le domaine des arts de la parole<\/li>\n\n\n\n<li>Si l&rsquo;\u00e9l\u00e8ve est en fili\u00e8re de qualification, il doit obligatoirement suivre sa deuxi\u00e8me p\u00e9riode dans le domaine de la musique.<\/li>\n<\/ul>\n<\/li>\n<\/ul>\n","protected":false},"excerpt":{"rendered":"<p>COURS INDIVIDUELS et semi collectifs Professeur : HORAIRE 2025-2026 ORGANISATION CONDITIONS D&rsquo;ACC\u00c8S<\/p>\n","protected":false},"author":1,"featured_media":0,"parent":0,"menu_order":0,"comment_status":"closed","ping_status":"closed","template":"","meta":{"_acf_changed":false,"footnotes":""},"class_list":["post-570","page","type-page","status-publish","hentry"],"acf":[],"_links":{"self":[{"href":"https:\/\/acamusiquewb.be\/index.php\/wp-json\/wp\/v2\/pages\/570","targetHints":{"allow":["GET"]}}],"collection":[{"href":"https:\/\/acamusiquewb.be\/index.php\/wp-json\/wp\/v2\/pages"}],"about":[{"href":"https:\/\/acamusiquewb.be\/index.php\/wp-json\/wp\/v2\/types\/page"}],"author":[{"embeddable":true,"href":"https:\/\/acamusiquewb.be\/index.php\/wp-json\/wp\/v2\/users\/1"}],"replies":[{"embeddable":true,"href":"https:\/\/acamusiquewb.be\/index.php\/wp-json\/wp\/v2\/comments?post=570"}],"version-history":[{"count":10,"href":"https:\/\/acamusiquewb.be\/index.php\/wp-json\/wp\/v2\/pages\/570\/revisions"}],"predecessor-version":[{"id":3336,"href":"https:\/\/acamusiquewb.be\/index.php\/wp-json\/wp\/v2\/pages\/570\/revisions\/3336"}],"wp:attachment":[{"href":"https:\/\/acamusiquewb.be\/index.php\/wp-json\/wp\/v2\/media?parent=570"}],"curies":[{"name":"wp","href":"https:\/\/api.w.org\/{rel}","templated":true}]}}